{"id":729,"date":"2025-04-02T19:16:47","date_gmt":"2025-04-02T22:16:47","guid":{"rendered":"https:\/\/site.ifes.edu.br\/grupem\/?page_id=729"},"modified":"2025-10-26T17:24:15","modified_gmt":"2025-10-26T20:24:15","slug":"teses-e-produtos-educacionais","status":"publish","type":"page","link":"https:\/\/site.ifes.edu.br\/grupem\/teses-e-produtos-educacionais\/","title":{"rendered":"Teses e Produtos Educacionais"},"content":{"rendered":"\t\t<div data-elementor-type=\"wp-page\" data-elementor-id=\"729\" class=\"elementor elementor-729\">\n\t\t\t\t<div class=\"elementor-element elementor-element-01f4136 e-flex e-con-boxed e-con e-parent\" data-id=\"01f4136\" data-element_type=\"container\">\n\t\t\t\t\t<div class=\"e-con-inner\">\n\t\t\t\t<div class=\"elementor-element elementor-element-c87352d elementor-widget elementor-widget-text-editor\" data-id=\"c87352d\" data-element_type=\"widget\" data-widget_type=\"text-editor.default\">\n\t\t\t\t<div class=\"elementor-widget-container\">\n\t\t\t\t\t\t\t\t\t<ul><li><strong><span style=\"color: #000000\">Tese:<\/span>\u00a0<\/strong><a href=\"https:\/\/repositorio.ifes.edu.br\/bitstream\/handle\/123456789\/6787\/Organdi%20-%20tese%20-%20vers%c3%a3o%20final.pdf?sequence=1&amp;isAllowed=y\">Aprendizagem da doc\u00eancia de licenciados em matem\u00e1tica: um movimento de estudo de organiza\u00e7\u00e3o de a\u00e7\u00f5es de ensino de geometria no clube de matem\u00e1tica.<\/a><\/li><li><span style=\"color: #000000\"><strong>Autor:\u00a0<\/strong>Organdi Mongin Rovetta<\/span><\/li><li><span style=\"color: #000000\"><strong>Data:<\/strong> 2025<\/span><\/li><li><strong><span style=\"color: #000000\">Produto Educacional:<\/span>\u00a0<\/strong><a href=\"https:\/\/repositorio.ifes.edu.br\/bitstream\/handle\/123456789\/6787\/Produto%20Educacional%20Organdi%2018%20agosto%20vers%c3%a3o%20melhor.pdf?sequence=3&amp;isAllowed=y\">Clube de matem\u00e1tica: a organiza\u00e7\u00e3o de um processo formativo sobre geometria.<\/a><\/li><li><span style=\"color: #000000\"><strong>Orientador(a): <\/strong>Sandra Aparecida Fraga da Silva<\/span><\/li><li><span style=\"color: #000000\"><strong>Linha de pesquisa: <\/strong>Forma\u00e7\u00e3o de Professores<\/span><\/li><\/ul><ul><li><strong><span style=\"color: #000000\">Tese:<\/span>\u00a0<\/strong><a href=\"https:\/\/repositorio.ifes.edu.br\/bitstream\/handle\/123456789\/7011\/Tese_Yolanda.pdf?sequence=1&amp;isAllowed=y\">Do senso num\u00e9rico ao sistema de numera\u00e7\u00e3o decimal: uma abordagem descolonizadora na forma\u00e7\u00e3o de professores.<\/a><\/li><li><span style=\"color: #000000\"><strong>Autor:\u00a0<\/strong>Yolanda Pinto dos Santos<\/span><\/li><li><span style=\"color: #000000\"><strong>Data:<\/strong> 2025<\/span><\/li><li><strong><span style=\"color: #000000\">Produto Educacional:<\/span><a href=\"https:\/\/repositorio.ifes.edu.br\/bitstream\/handle\/123456789\/7011\/Material_Orientador_Yolanda.pdf?sequence=2&amp;isAllowed=y\">\u00a0<\/a><\/strong><a href=\"https:\/\/repositorio.ifes.edu.br\/bitstream\/handle\/123456789\/7011\/Material_Orientador_Yolanda.pdf?sequence=2&amp;isAllowed=y\">Do senso num\u00e9rico ao sistema decimal: uma epistemog\u00eanese descolonizadora.<\/a><\/li><li><strong><span style=\"color: #000000\">Orientador(a):<\/span>\u00a0<\/strong><span style=\"color: #000000\">Dilza C\u00f4co<\/span><\/li><li><span style=\"color: #000000\"><strong>Linha de pesquisa: <\/strong>Forma\u00e7\u00e3o de Professores<\/span><\/li><\/ul>\t\t\t\t\t\t\t\t<\/div>\n\t\t\t\t<\/div>\n\t\t\t\t\t<\/div>\n\t\t\t\t<\/div>\n\t\t\t\t<\/div>\n\t\t","protected":false},"excerpt":{"rendered":"<p>Tese:\u00a0Aprendizagem da doc\u00eancia de licenciados em matem\u00e1tica: um movimento de estudo de organiza\u00e7\u00e3o de a\u00e7\u00f5es de ensino de geometria no clube de matem\u00e1tica. Autor:\u00a0Organdi Mongin Rovetta Data: 2025 Produto Educacional:\u00a0Clube de matem\u00e1tica: a organiza\u00e7\u00e3o de um processo formativo sobre geometria. Orientador(a): Sandra Aparecida Fraga da Silva Linha de pesquisa: Forma\u00e7\u00e3o de Professores Tese:\u00a0Do senso num\u00e9rico &hellip; <a href=\"https:\/\/site.ifes.edu.br\/grupem\/teses-e-produtos-educacionais\/\" class=\"more-link\">Continue lendo <span class=\"screen-reader-text\">Teses e Produtos Educacionais<\/span> <span class=\"meta-nav\">&rarr;<\/span><\/a><\/p>\n","protected":false},"author":5,"featured_media":0,"parent":0,"menu_order":0,"comment_status":"closed","ping_status":"closed","template":"","meta":{"footnotes":""},"class_list":["post-729","page","type-page","status-publish","hentry"],"_links":{"self":[{"href":"https:\/\/site.ifes.edu.br\/grupem\/wp-json\/wp\/v2\/pages\/729"}],"collection":[{"href":"https:\/\/site.ifes.edu.br\/grupem\/wp-json\/wp\/v2\/pages"}],"about":[{"href":"https:\/\/site.ifes.edu.br\/grupem\/wp-json\/wp\/v2\/types\/page"}],"author":[{"embeddable":true,"href":"https:\/\/site.ifes.edu.br\/grupem\/wp-json\/wp\/v2\/users\/5"}],"replies":[{"embeddable":true,"href":"https:\/\/site.ifes.edu.br\/grupem\/wp-json\/wp\/v2\/comments?post=729"}],"version-history":[{"count":11,"href":"https:\/\/site.ifes.edu.br\/grupem\/wp-json\/wp\/v2\/pages\/729\/revisions"}],"predecessor-version":[{"id":1153,"href":"https:\/\/site.ifes.edu.br\/grupem\/wp-json\/wp\/v2\/pages\/729\/revisions\/1153"}],"wp:attachment":[{"href":"https:\/\/site.ifes.edu.br\/grupem\/wp-json\/wp\/v2\/media?parent=729"}],"curies":[{"name":"wp","href":"https:\/\/api.w.org\/{rel}","templated":true}]}}