{"id":71,"date":"2020-10-25T17:08:40","date_gmt":"2020-10-25T20:08:40","guid":{"rendered":"https:\/\/site.ifes.edu.br\/grupem\/?page_id=71"},"modified":"2025-08-06T16:40:13","modified_gmt":"2025-08-06T19:40:13","slug":"historico","status":"publish","type":"page","link":"https:\/\/site.ifes.edu.br\/grupem\/historico\/","title":{"rendered":"Hist\u00f3rico"},"content":{"rendered":"\t\t<div data-elementor-type=\"wp-page\" data-elementor-id=\"71\" class=\"elementor elementor-71\">\n\t\t\t\t<div class=\"elementor-element elementor-element-12c3ee9a e-flex e-con-boxed e-con e-parent\" data-id=\"12c3ee9a\" data-element_type=\"container\">\n\t\t\t\t\t<div class=\"e-con-inner\">\n\t\t\t\t<div class=\"elementor-element elementor-element-5517f807 elementor-widget__width-inherit elementor-widget elementor-widget-text-editor\" data-id=\"5517f807\" data-element_type=\"widget\" data-widget_type=\"text-editor.default\">\n\t\t\t\t<div class=\"elementor-widget-container\">\n\t\t\t\t\t\t\t\t\t<p><\/p>\n<div class=\"wp-block-image\">\n<figure class=\"alignright size-large is-resized\"><img fetchpriority=\"high\" decoding=\"async\" class=\"wp-image-382\" src=\"https:\/\/site.ifes.edu.br\/grupem\/wp-content\/uploads\/sites\/7\/2021\/04\/image.png\" alt=\"\" width=\"954\" height=\"536\" srcset=\"https:\/\/site.ifes.edu.br\/grupem\/wp-content\/uploads\/sites\/7\/2021\/04\/image.png 567w, https:\/\/site.ifes.edu.br\/grupem\/wp-content\/uploads\/sites\/7\/2021\/04\/image-300x169.png 300w\" sizes=\"(max-width: 954px) 100vw, 954px\" \/><\/figure>\n<\/div>\n<p>\u00a0<\/p>\n<p style=\"text-align: left\"><strong><span style=\"font-family: Bitter, Georgia, serif;font-size: 30px\">Hist\u00f3rico de Inicia\u00e7\u00f5es Cient\u00edficas:<\/span><\/strong><\/p>\n<div id=\"model-response-message-contentr_e04fa664a217985c\" class=\"markdown markdown-main-panel enable-updated-hr-color\" dir=\"ltr\">\n<table class=\" aligncenter\" style=\"height: 6624px\" width=\"321\">\n<thead>\n<tr>\n<td>T\u00edtulo<\/td>\n<td>Autor<\/td>\n<td>Ano<\/td>\n<td>Orientador (es)<\/td>\n<\/tr>\n<\/thead>\n<tbody>\n<tr>\n<td>Materiais did\u00e1ticos envolvendo matem\u00e1tica e diferentes bordados manuais de artesanato: investigando e explorando conceitos geom\u00e9tricos com alunos (as) do PROEJA.<\/td>\n<td>Sabrine Costa Oliveira<\/td>\n<td>2012<\/td>\n<td>Sandra Aparecida Fraga da Silva<\/td>\n<\/tr>\n<tr>\n<td>Teoria dos grafos em atividades did\u00e1ticas desenvolvidas no laborat\u00f3rio de matem\u00e1tica para o ensino m\u00e9dio.<\/td>\n<td>Lauro Chagas e S\u00e1<\/td>\n<td>2013<\/td>\n<td>Sandra Aparecida Fraga da Silva<\/td>\n<\/tr>\n<tr>\n<td>Geometria das transforma\u00e7\u00f5es em atividades did\u00e1ticas e no ponto cruz.<\/td>\n<td>Sabrine Costa Oliveira<\/td>\n<td>2013<\/td>\n<td>Sandra Aparecida Fraga da Silva<\/td>\n<\/tr>\n<tr>\n<td>Geometria das transforma\u00e7\u00f5es em atividades did\u00e1ticas.<\/td>\n<td>Maria Cordeiro Moreira Cunillo Zacchei<\/td>\n<td>2013<\/td>\n<td>Sandra Aparecida Fraga da Silva<\/td>\n<\/tr>\n<tr>\n<td>Narrativas e constitui\u00e7\u00e3o da identidade docente de licenciandos de matem\u00e1tica: a experi\u00eancia do Pibid.<\/td>\n<td>Luciano Fonseca Pinto<\/td>\n<td>2013<\/td>\n<td>Sandra Aparecida Fraga da Silva<\/td>\n<\/tr>\n<tr>\n<td>Teoria dos grafos em atividades did\u00e1ticas desenvolvidas no laborat\u00f3rio de matem\u00e1tica.<\/td>\n<td>Rayara Barroca Silva<\/td>\n<td>2013<\/td>\n<td>Sandra Aparecida Fraga da Silva<\/td>\n<\/tr>\n<tr>\n<td>Narrativas e constitui\u00e7\u00e3o da identidade docente de licenciandos de Matem\u00e1tica no est\u00e1gio supervisionado.<\/td>\n<td>Danielly Fraga Santana<\/td>\n<td>2013<\/td>\n<td>Dilza C\u00f4co<\/td>\n<\/tr>\n<tr>\n<td>Constitui\u00e7\u00e3o da identidade docente de licenciando de matem\u00e1tica do Ifes\/Vit\u00f3ria em atividades de est\u00e1gio supervisionado e outras atividades: um estudo comparativo..<\/td>\n<td>Rosana Martins Matiuzzi<\/td>\n<td>2013<\/td>\n<td>Dilza C\u00f4co<\/td>\n<\/tr>\n<tr>\n<td>Pr\u00e1ticas pedag\u00f3gicas e atividades did\u00e1ticas de matem\u00e1tica para o ensino fundamental no Laborat\u00f3rio de matem\u00e1tica.<\/td>\n<td>J\u00e9ssica Monteiro Falquetto<\/td>\n<td>2014<\/td>\n<td>Sandra Aparecida Fraga da Silva<\/td>\n<\/tr>\n<tr>\n<td>Pr\u00e1ticas pedag\u00f3gicas e atividades did\u00e1ticas de matem\u00e1tica para o ensino m\u00e9dio no Laborat\u00f3rio de matem\u00e1tica.<\/td>\n<td>Lauro Chagas e S\u00e1<\/td>\n<td>2014<\/td>\n<td>Sandra Aparecida Fraga da Silva<\/td>\n<\/tr>\n<tr>\n<td>Forma\u00e7\u00e3o docente e o processo de ensino e aprendizagem de geometria com uso de dobraduras.<\/td>\n<td>Jenifer Heleno Stoffel<\/td>\n<td>2016<\/td>\n<td>Sandra Aparecida Fraga da Silva<\/td>\n<\/tr>\n<tr>\n<td>Conhecimentos docentes de licenciandos de matem\u00e1tica no contexto do Pibid.<\/td>\n<td>Marcela Santana Santos<\/td>\n<td>2016<\/td>\n<td>Sandra Aparecida Fraga da Silva<\/td>\n<\/tr>\n<tr>\n<td>Laborat\u00f3rio de matem\u00e1tica do Ifes\/Vit\u00f3ria: atividades, reflex\u00f5es e forma\u00e7\u00e3o de professores.<\/td>\n<td>Ariel Wesley Soares<\/td>\n<td>2016<\/td>\n<td>Sandra Aparecida Fraga da Silva<\/td>\n<\/tr>\n<tr>\n<td>Transforma\u00e7\u00f5es geom\u00e9tricas em mosaicos e forma\u00e7\u00e3o docente.<\/td>\n<td>Livia Silva Oliveira Santos<\/td>\n<td>2016<\/td>\n<td>Sandra Aparecida Fraga da Silva<\/td>\n<\/tr>\n<tr>\n<td>Literatura infantil e forma\u00e7\u00e3o de professores alfabetizadores.<\/td>\n<td>Alessandra Barbosa Ad\u00e3o.<\/td>\n<td>2016<\/td>\n<td>Dilza C\u00f4co<\/td>\n<\/tr>\n<tr>\n<td>Conceitos matem\u00e1ticos de grandezas e medidas e forma\u00e7\u00e3o de professores alfabetizadores.<\/td>\n<td>Solange Taranto Reis<\/td>\n<td>2016<\/td>\n<td>Dilza C\u00f4co<\/td>\n<\/tr>\n<tr>\n<td>Conhecimentos docentes constru\u00eddos em atividades de est\u00e1gio supervisionado por licenciandos de matem\u00e1tica.<\/td>\n<td>Maria Das Dores Damasceno Jardim.<\/td>\n<td>2016<\/td>\n<td>Dilza C\u00f4co<\/td>\n<\/tr>\n<tr>\n<td>Forma\u00e7\u00e3o inicial de professores de matem\u00e1tica em a\u00e7\u00f5es no Lem: reflex\u00f5es e aprendizagens.<\/td>\n<td>Ariel Wesley Soares<\/td>\n<td>2017<\/td>\n<td>Sandra Aparecida Fraga da Silva<\/td>\n<\/tr>\n<tr>\n<td>Mosaicos e pavimenta\u00e7\u00e3o no plano: diferencia\u00e7\u00f5es e usos de materiais manipul\u00e1veis.<\/td>\n<td>L\u00edvia Silva Oliveira Santos<\/td>\n<td>2017<\/td>\n<td>Sandra Aparecida Fraga da Silva<\/td>\n<\/tr>\n<tr>\n<td>Materiais manipul\u00e1veis e suas contribui\u00e7\u00f5es na constru\u00e7\u00e3o de conceitos de geometria.<\/td>\n<td>Thaciane J\u00e4hring Schunk<\/td>\n<td>2017<\/td>\n<td>Sandra Aparecida Fraga da Silva<\/td>\n<\/tr>\n<tr>\n<td>Educa\u00e7\u00e3o matem\u00e1tica na inf\u00e2ncia: o potencial dos jogos e brincadeiras.<\/td>\n<td>Laira Lamburguini Brand\u00e3o Ribeiro<\/td>\n<td>2017<\/td>\n<td>Dilza C\u00f4co<\/td>\n<\/tr>\n<tr>\n<td>Aprendizagens de licenciando em est\u00e1gio e Pibid no laborat\u00f3rio de matem\u00e1tica..<\/td>\n<td>Waldil\u00e9ria Silva Viana<\/td>\n<td>2017<\/td>\n<td>Dilza C\u00f4co<\/td>\n<\/tr>\n<tr>\n<td>Forma\u00e7\u00e3o de professores e educa\u00e7\u00e3o matem\u00e1tica: panorama das produ\u00e7\u00f5es acad\u00eamicas na perspectiva Hist\u00f3rico Cultural.<\/td>\n<td>Francielle Quaresma Farias Da Silva<\/td>\n<td>2018<\/td>\n<td>Dilza C\u00f4co<\/td>\n<\/tr>\n<tr>\n<td>Educa\u00e7\u00e3o na Cidade e Humanidades: um panorama das produ\u00e7\u00f5es acad\u00eamicas de cursos de Mestrados e Doutorados da UFES na \u00e1rea de Educa\u00e7\u00e3o, Literatura, Hist\u00f3ria, Artes, Sociologia, Filosofia e o Educimat (IFES)Educa\u00e7\u00e3o na Cidade e Humanidades: um panorama das produ\u00e7\u00f5es acad\u00eamicas de cursos de Mestrados e Doutorados da UFES na \u00e1rea de Educa\u00e7\u00e3o, Literatura, Hist\u00f3ria, Artes, Sociologia, Filosofia.<\/td>\n<td>Maria Da Dores Soares Damaceno<\/td>\n<td>2018<\/td>\n<td>Dilza C\u00f4co<\/td>\n<\/tr>\n<tr>\n<td>Atividades orientadoras de ensino de geometria para a educa\u00e7\u00e3o b\u00e1sica.<\/td>\n<td>Henrique Ribeiro<\/td>\n<td>2019<\/td>\n<td>Sandra Aparecida Fraga da Silva<\/td>\n<\/tr>\n<tr>\n<td>Movimento l\u00f3gico-hist\u00f3rico de geometria em atividades pedag\u00f3gicas para a inf\u00e2ncia.<\/td>\n<td>Beatriz da Penha Santos<\/td>\n<td>2019<\/td>\n<td>Sandra Aparecida Fraga da Silva<\/td>\n<\/tr>\n<tr>\n<td>Forma\u00e7\u00e3o de professores de matem\u00e1tica em a\u00e7\u00f5es no Lem: algumas reflex\u00f5es.<\/td>\n<td>Jo\u00e3o Heleno Nobre de Oliveira<\/td>\n<td>2019<\/td>\n<td>Sandra Aparecida Fraga da Silva<\/td>\n<\/tr>\n<tr>\n<td>Situa\u00e7\u00f5es desencadeadoras de aprendizagem de matem\u00e1tica na educa\u00e7\u00e3o infantil.<\/td>\n<td>Gilberto de Mello Guerra Junior<\/td>\n<td>2019<\/td>\n<td>Sandra Aparecida Fraga da Silva<\/td>\n<\/tr>\n<tr>\n<td>Educa\u00e7\u00e3o na cidade e humanidades: produ\u00e7\u00f5es acad\u00eamicas da p\u00f3s-gradua\u00e7\u00e3o da Ufes na \u00e1rea de Educa\u00e7\u00e3o, Literatura e Geografia.<\/td>\n<td>Anna Beatriz Souza Goes<\/td>\n<td>2019<\/td>\n<td>Dilza C\u00f4co<\/td>\n<\/tr>\n<tr>\n<td>Aprendizagem da doc\u00eancia no est\u00e1gio supervisionado de matem\u00e1tica a partir da abordagem Hist\u00f3rico-Cultural<\/td>\n<td>Francielle Quaresma<\/td>\n<td>2019<\/td>\n<td>Dilza C\u00f4co<\/td>\n<\/tr>\n<tr>\n<td>Educa\u00e7\u00e3o na cidade e humanidades: um estudo bibliogr\u00e1fico de produ\u00e7\u00f5es acad\u00eamicas da p\u00f3s-gradua\u00e7\u00e3o da Ufes na \u00e1rea de Educa\u00e7\u00e3o, Literatura, Hist\u00f3ria.<\/td>\n<td>Ana Maria Da Costa Silva<\/td>\n<td>2019<\/td>\n<td>Dilza C\u00f4co<\/td>\n<\/tr>\n<tr>\n<td>Atividades pedag\u00f3gicas de geometria para a educa\u00e7\u00e3o b\u00e1sica: investiga\u00e7\u00f5es a partir do movimento l\u00f3gico-hist\u00f3rico de conceitos.<\/td>\n<td>Beatriz da Penha Santos<\/td>\n<td>2020<\/td>\n<td>Sandra Aparecida Fraga da Silva<\/td>\n<\/tr>\n<tr>\n<td>Atividades orientadoras de ensino de \u00e1lgebra para a educa\u00e7\u00e3o b\u00e1sica.<\/td>\n<td>Henrique Ribeiro<\/td>\n<td>2020<\/td>\n<td>Sandra Aparecida Fraga da Silva<\/td>\n<\/tr>\n<tr>\n<td>O movimento formativo em a\u00e7\u00f5es no Lem: algumas reflex\u00f5es na perspectiva Hist\u00f3rico-Cultural.<\/td>\n<td>Tayrini Vieira Alves<\/td>\n<td>2020<\/td>\n<td>Sandra Aparecida Fraga da Silva<\/td>\n<\/tr>\n<tr>\n<td>Movimento l\u00f3gico-hist\u00f3rico de opera\u00e7\u00f5es de adi\u00e7\u00e3o e subtra\u00e7\u00e3o em atividades pedag\u00f3gicas para a inf\u00e2ncia.<\/td>\n<td>Gabriele Gon\u00e7alves Soares<\/td>\n<td>2020<\/td>\n<td>Sandra Aparecida Fraga da Silva<\/td>\n<\/tr>\n<tr>\n<td>Forma\u00e7\u00e3o inicial de professores de matem\u00e1tica do Ifes\/Vit\u00f3ria na perspectiva Hist\u00f3rico Cultural: aprendizagens docentes em atividades de est\u00e1gio supervisionado<\/td>\n<td>Jo\u00e3o Heleno Nobre De Oliveira<\/td>\n<td>2020<\/td>\n<td>Dilza C\u00f4co<\/td>\n<\/tr>\n<tr>\n<td>Educa\u00e7\u00e3o na cidade e humanidades: um estudo bibliogr\u00e1fico de produ\u00e7\u00f5es acad\u00eamicas da p\u00f3s-gradua\u00e7\u00e3o da Ufes na \u00e1rea de Educa\u00e7\u00e3o, Literatura, Hist\u00f3ria. \u00c3o na cidade e humanidades: um estudo bibliogr\u00e1fico de produ\u00e7\u00f5es acad\u00eamicas da p\u00f3s-gradua\u00e7\u00e3o da Ufes na \u00e1rea de Educa\u00e7\u00e3o, Literatura, Hist\u00f3ria.<\/td>\n<td>Gabrielly Ferreira Monteiro<\/td>\n<td>2020<\/td>\n<td>Dilza C\u00f4co<\/td>\n<\/tr>\n<tr>\n<td>Movimento L\u00f3gico-hist\u00f3rico sobre proporcionalidade e oficinas no Clube de Matem\u00e1tica.<\/td>\n<td>Gabriele Gon\u00e7alves Soares<\/td>\n<td>2021<\/td>\n<td>Sandra Aparecida Fraga da Silva<\/td>\n<\/tr>\n<tr>\n<td>Forma\u00e7\u00e3o pela coletividade a partir de a\u00e7\u00f5es do Grupem.<\/td>\n<td>Tayrini Vieira Alves<\/td>\n<td>2021<\/td>\n<td>Sandra Aparecida Fraga da Silva<\/td>\n<\/tr>\n<tr>\n<td>O movimento l\u00f3gico-hist\u00f3rico sobre localiza\u00e7\u00e3o e a\u00e7\u00f5es para a educa\u00e7\u00e3o infantil.<\/td>\n<td>Gabrielly Ferreira Monteiro<\/td>\n<td>2021<\/td>\n<td>Sandra Aparecida Fraga da Silva<\/td>\n<\/tr>\n<tr>\n<td>O movimento l\u00f3gico-hist\u00f3rico de grandezas geom\u00e9tricas e oficinas did\u00e1tico pedag\u00f3gicas.<\/td>\n<td>Guilherme Escarpini Helmer<\/td>\n<td>2021<\/td>\n<td>Sandra Aparecida Fraga da Silva<\/td>\n<\/tr>\n<tr>\n<td>Oficinas did\u00e1ticas do Clube de Matem\u00e1tica e a\u00e7\u00f5es de est\u00e1gio supervisionado em escolas da rede p\u00fablica de ensino.<\/td>\n<td>Beatriz Da Penha Santos<\/td>\n<td>2021<\/td>\n<td>Dilza C\u00f4co<\/td>\n<\/tr>\n<tr>\n<td>Oficinas did\u00e1ticas do Clube de Matem\u00e1tica e a\u00e7\u00f5es de est\u00e1gio supervisionado no LEM-Ifes Campus Vit\u00f3ria.<\/td>\n<td>Jo\u00e3o Heleno Nobre De Oliveira.<\/td>\n<td>2021<\/td>\n<td>Dilza C\u00f4co<\/td>\n<\/tr>\n<tr>\n<td>Movimento l\u00f3gico-hist\u00f3rico de geometria espacial em propostas de ensino.<\/td>\n<td>Gabrielly Ferreira Monteiro<\/td>\n<td>2022<\/td>\n<td>Sandra Aparecida Fraga da Silva<\/td>\n<\/tr>\n<tr>\n<td>Movimento L\u00f3gico-hist\u00f3rico de medidas e geometria em propostas de ensino.<\/td>\n<td>Rebecca Stein Miranda<\/td>\n<td>2022<\/td>\n<td>Sandra Aparecida Fraga da Silva<\/td>\n<\/tr>\n<tr>\n<td>Ensino de grandezas geom\u00e9tricas na perspectiva hist\u00f3rico-cultural.<\/td>\n<td>Guilherme Escarpini Helmer<\/td>\n<td>2022<\/td>\n<td>Sandra Aparecida Fraga da Silva<\/td>\n<\/tr>\n<tr>\n<td>Literatura infantil e o conceito de localiza\u00e7\u00e3o.<\/td>\n<td>Laisla Pereira Pimentel<\/td>\n<td>2022<\/td>\n<td>Dilza C\u00f4co<\/td>\n<\/tr>\n<tr>\n<td>Movimento l\u00f3gico-hist\u00f3rico de representa\u00e7\u00f5es na geometria em propostas de ensino.<\/td>\n<td>Davi Gasparoni Gomes<\/td>\n<td>2023<\/td>\n<td>Sandra Aparecida Fraga da Silva<\/td>\n<\/tr>\n<tr>\n<td>Ensino de s\u00f3lidos geom\u00e9tricos a partir do movimento de decomposi\u00e7\u00e3o e composi\u00e7\u00e3o.<\/td>\n<td>Andreza Alves Silva<\/td>\n<td>2023<\/td>\n<td>Sandra Aparecida Fraga da Silva<\/td>\n<\/tr>\n<tr>\n<td>Ensino de per\u00edmetro e \u00e1rea na perspectiva hist\u00f3rico-cultural.<\/td>\n<td>Leticia Marques Coimbra<\/td>\n<td>2023<\/td>\n<td>Sandra Aparecida Fraga da Silva<\/td>\n<\/tr>\n<tr>\n<td>Estudo do movimento l\u00f3gico hist\u00f3rico da grandeza volume na perspectiva hist\u00f3rico cultural.<\/td>\n<td>J\u00e9ssica Meneguelli Dos Santos<\/td>\n<td>2023<\/td>\n<td>Dilza C\u00f4co<\/td>\n<\/tr>\n<tr>\n<td>Estudo do movimento l\u00f3gico hist\u00f3rico da grandeza tempo na perspectiva hist\u00f3rico cultural.<\/td>\n<td>Laisla Pereira Pimentel<\/td>\n<td>2023<\/td>\n<td>Dilza C\u00f4co<\/td>\n<\/tr>\n<tr>\n<td>Estudo de um movimento l\u00f3gico-hist\u00f3rico de geometria em artefatos africanos e a\u00e7\u00f5es de ensino.<\/td>\n<td>Leticia Marques Coimbra<\/td>\n<td>2024<\/td>\n<td>Sandra Aparecida Fraga da Silva<\/td>\n<\/tr>\n<tr>\n<td>Movimento de decomposi\u00e7\u00e3o e composi\u00e7\u00e3o de s\u00f3lidos geom\u00e9tricos em a\u00e7\u00f5es de ensino.<\/td>\n<td>Andreza Alves Silva<\/td>\n<td>2024<\/td>\n<td>Sandra Aparecida Fraga da Silva<\/td>\n<\/tr>\n<tr>\n<td>Grandezas geom\u00e9tricas em a\u00e7\u00f5es de ensino para a educa\u00e7\u00e3o b\u00e1sica.<\/td>\n<td>Lucas Cassin Tonon da Costa<\/td>\n<td>2024<\/td>\n<td>Sandra Aparecida Fraga da Silva<\/td>\n<\/tr>\n<tr>\n<td>Estudo do movimento l\u00f3gico hist\u00f3rico do sistema de numera\u00e7\u00e3o decimal na perspectiva Hist\u00f3rico Cultural e elabora\u00e7\u00e3o de tarefas did\u00e1ticas.<\/td>\n<td>Mayron Ribeiro Maia<\/td>\n<td>2024<\/td>\n<td>Dilza C\u00f4co<\/td>\n<\/tr>\n<tr>\n<td>Estudo do movimento l\u00f3gico hist\u00f3rico da grandeza volume na perspectiva hist\u00f3rico cultural: avalia\u00e7\u00e3o e coletiviza\u00e7\u00e3o de tarefas did\u00e1ticas com professores.<\/td>\n<td>Gabriel Jordane De Souza Oliveira<\/td>\n<td>2024<\/td>\n<td>Dilza C\u00f4co<\/td>\n<\/tr>\n<\/tbody>\n<\/table>\n<\/div>\n<p><\/p>\t\t\t\t\t\t\t\t<\/div>\n\t\t\t\t<\/div>\n\t\t\t\t\t<\/div>\n\t\t\t\t<\/div>\n\t\t\t\t<\/div>\n\t\t","protected":false},"excerpt":{"rendered":"","protected":false},"author":5,"featured_media":0,"parent":0,"menu_order":0,"comment_status":"closed","ping_status":"closed","template":"","meta":{"footnotes":""},"class_list":["post-71","page","type-page","status-publish","hentry"],"_links":{"self":[{"href":"https:\/\/site.ifes.edu.br\/grupem\/wp-json\/wp\/v2\/pages\/71"}],"collection":[{"href":"https:\/\/site.ifes.edu.br\/grupem\/wp-json\/wp\/v2\/pages"}],"about":[{"href":"https:\/\/site.ifes.edu.br\/grupem\/wp-json\/wp\/v2\/types\/page"}],"author":[{"embeddable":true,"href":"https:\/\/site.ifes.edu.br\/grupem\/wp-json\/wp\/v2\/users\/5"}],"replies":[{"embeddable":true,"href":"https:\/\/site.ifes.edu.br\/grupem\/wp-json\/wp\/v2\/comments?post=71"}],"version-history":[{"count":13,"href":"https:\/\/site.ifes.edu.br\/grupem\/wp-json\/wp\/v2\/pages\/71\/revisions"}],"predecessor-version":[{"id":983,"href":"https:\/\/site.ifes.edu.br\/grupem\/wp-json\/wp\/v2\/pages\/71\/revisions\/983"}],"wp:attachment":[{"href":"https:\/\/site.ifes.edu.br\/grupem\/wp-json\/wp\/v2\/media?parent=71"}],"curies":[{"name":"wp","href":"https:\/\/api.w.org\/{rel}","templated":true}]}}