{"id":38,"date":"2020-10-21T12:51:01","date_gmt":"2020-10-21T15:51:01","guid":{"rendered":"https:\/\/site.ifes.edu.br\/grupem\/?page_id=38"},"modified":"2021-04-01T17:04:16","modified_gmt":"2021-04-01T20:04:16","slug":"indicacoes-de-leitura","status":"publish","type":"page","link":"https:\/\/site.ifes.edu.br\/grupem\/indicacoes-de-leitura\/","title":{"rendered":"Indica\u00e7\u00f5es de Leitura"},"content":{"rendered":"\n<p class=\"has-medium-font-size\"><strong><a href=\"http:\/\/www.seer.ufu.br\/index.php\/Obutchenie\/issue\/view\/2051\" target=\"_blank\" rel=\"noreferrer noopener\">Dossi\u00ea: Atividade Orientadora de ensino<\/a><\/strong><\/p>\n\n\n\n<p><strong>Resumo:<\/strong> Trata-se de uma organiza\u00e7\u00e3o de textos que comp\u00f5em o dossi\u00ea Atividade Orientadora de ensino (AOE) do peri\u00f3dico da revista Obutchenie de maio\/agosto de 2020. Textos que carregam apropria\u00e7\u00f5es de estudos de mais de 30 anos baseados em uma proposta te\u00f3rico-metodol\u00f3gica para o ensino, em especial de matem\u00e1tica, fundamentada em pressupostos da Teoria Hist\u00f3rico-Cultural, como uma forma de pensar o papel da escola para a forma\u00e7\u00e3o do humano.<\/p>\n\n\n\n<p class=\"has-medium-font-size\"><strong><a href=\"http:\/\/www.labeduc.fe.usp.br\/?post_type=labs&amp;p=1295\" target=\"_blank\" rel=\"noreferrer noopener\">Colet\u00e2neas do Observat\u00f3rio de Educa\u00e7\u00e3o Obeduc &#8211; Gepape<\/a><\/strong><\/p>\n\n\n\n<ul class=\"wp-block-list\"><li><strong>\u201cATIVIDADES PARA O ENSINO DE MATEM\u00c1TICA NOS ANOS INICIAIS DA EDUCA\u00c7\u00c3O B\u00c1SICA\u201d<\/strong><\/li><\/ul>\n\n\n\n<p><strong>Resumo:<\/strong> Trata-se de\u00a0<em>e-books<\/em>\u00a0resultantes do projeto de pesquisa em rede \u201cEduca\u00e7\u00e3o Matem\u00e1tica nos Anos Iniciais do Ensino Fundamental: Princ\u00edpios e Pr\u00e1ticas da Organiza\u00e7\u00e3o do Ensino\u201d (PPOE) viabilizado pelo Programa Observat\u00f3rio da Educa\u00e7\u00e3o (Obeduc), financiado pela Coordena\u00e7\u00e3o de Aperfei\u00e7oamento de Pessoal de N\u00edvel Superior (CAPES).<\/p>\n\n\n\n<ul class=\"wp-block-list\"><li><strong>\u201c<strong>PRINC\u00cdPIOS E PR\u00c1TICAS DA\u00a0ORGANIZA\u00c7\u00c3O DO ENSINO DE MATEM\u00c1TICA NOS ANOS INICIAIS<\/strong>\u201d\u00a0<\/strong><\/li><\/ul>\n\n\n\n<p><strong>Resumo: <\/strong>Trata-se da colet\u00e2nea \u201cPrinc\u00edpios e Pr\u00e1ticas da\u00a0Organiza\u00e7\u00e3o do Ensino de Matem\u00e1tica nos Anos Iniciais\u201d organizada\u00a0em quatro volumes tem\u00e1ticos, e surge dos resultados do\u00a0projeto de pesquisa intitulado \u201cEduca\u00e7\u00e3o matem\u00e1tica nos anos iniciais\u00a0do Ensino Fundamental: Princ\u00edpios e pr\u00e1ticas da organiza\u00e7\u00e3o\u00a0do ensino\u201d.<\/p>\n","protected":false},"excerpt":{"rendered":"<p>Dossi\u00ea: Atividade Orientadora de ensino Resumo: Trata-se de uma organiza\u00e7\u00e3o de textos que comp\u00f5em o dossi\u00ea Atividade Orientadora de ensino (AOE) do peri\u00f3dico da revista Obutchenie de maio\/agosto de 2020. Textos que carregam apropria\u00e7\u00f5es de estudos de mais de 30 anos baseados em uma proposta te\u00f3rico-metodol\u00f3gica para o ensino, em especial de matem\u00e1tica, fundamentada em &hellip; <a href=\"https:\/\/site.ifes.edu.br\/grupem\/indicacoes-de-leitura\/\" class=\"more-link\">Continue lendo <span class=\"screen-reader-text\">Indica\u00e7\u00f5es de Leitura<\/span> <span class=\"meta-nav\">&rarr;<\/span><\/a><\/p>\n","protected":false},"author":5,"featured_media":0,"parent":0,"menu_order":0,"comment_status":"closed","ping_status":"closed","template":"","meta":{"footnotes":""},"class_list":["post-38","page","type-page","status-publish","hentry"],"_links":{"self":[{"href":"https:\/\/site.ifes.edu.br\/grupem\/wp-json\/wp\/v2\/pages\/38"}],"collection":[{"href":"https:\/\/site.ifes.edu.br\/grupem\/wp-json\/wp\/v2\/pages"}],"about":[{"href":"https:\/\/site.ifes.edu.br\/grupem\/wp-json\/wp\/v2\/types\/page"}],"author":[{"embeddable":true,"href":"https:\/\/site.ifes.edu.br\/grupem\/wp-json\/wp\/v2\/users\/5"}],"replies":[{"embeddable":true,"href":"https:\/\/site.ifes.edu.br\/grupem\/wp-json\/wp\/v2\/comments?post=38"}],"version-history":[{"count":4,"href":"https:\/\/site.ifes.edu.br\/grupem\/wp-json\/wp\/v2\/pages\/38\/revisions"}],"predecessor-version":[{"id":403,"href":"https:\/\/site.ifes.edu.br\/grupem\/wp-json\/wp\/v2\/pages\/38\/revisions\/403"}],"wp:attachment":[{"href":"https:\/\/site.ifes.edu.br\/grupem\/wp-json\/wp\/v2\/media?parent=38"}],"curies":[{"name":"wp","href":"https:\/\/api.w.org\/{rel}","templated":true}]}}