{"id":22,"date":"2020-10-21T12:04:45","date_gmt":"2020-10-21T15:04:45","guid":{"rendered":"https:\/\/site.ifes.edu.br\/grupem\/?page_id=22"},"modified":"2025-10-29T15:51:20","modified_gmt":"2025-10-29T18:51:20","slug":"noticias","status":"publish","type":"page","link":"https:\/\/site.ifes.edu.br\/grupem\/noticias\/","title":{"rendered":"Not\u00edcias"},"content":{"rendered":"\t\t<div data-elementor-type=\"wp-page\" data-elementor-id=\"22\" class=\"elementor elementor-22\">\n\t\t\t\t<div class=\"elementor-element elementor-element-7dd8e84 e-flex e-con-boxed e-con e-parent\" data-id=\"7dd8e84\" data-element_type=\"container\">\n\t\t\t\t\t<div class=\"e-con-inner\">\n\t\t\t\t<div class=\"elementor-element elementor-element-4f24c4d6 elementor-widget elementor-widget-text-editor\" data-id=\"4f24c4d6\" data-element_type=\"widget\" data-widget_type=\"text-editor.default\">\n\t\t\t\t<div class=\"elementor-widget-container\">\n\t\t\t\t\t\t\t\t\t\n<h2 class=\"wp-block-heading\"><span style=\"color: #f08411\"><em><a style=\"color: #f08411\" href=\"https:\/\/site.ifes.edu.br\/grupem\/2025\/10\/29\/processo-seletivo-simplificado-de-bolsistas-de-extensao-2025\/\">Processo seletivo simplificado de bolsistas de extens\u00e3o 2025<\/a><\/em><\/span><\/h2>\n<hr class=\"wp-block-separator is-style-wide\" \/>\n<h2><span style=\"color: #f08411\"><a style=\"color: #f08411\" href=\"https:\/\/site.ifes.edu.br\/grupem\/2024\/10\/07\/processo-seletivo-simplificado-de-bolsistas-de-extensao-2024\/\"><em>Processo seletivo simplificado de bolsistas de extens\u00e3o 2024<\/em><\/a><\/span><\/h2>\n<hr class=\"wp-block-separator is-style-wide\" \/>\n<h2><em><span style=\"color: #f08411\"><a style=\"color: #f08411\" href=\"https:\/\/site.ifes.edu.br\/grupem\/2021\/04\/05\/10-anos-do-grupem\/\" target=\"_blank\" rel=\"noreferrer noopener\">10<\/a> <a style=\"color: #f08411\" href=\"https:\/\/site.ifes.edu.br\/grupem\/2021\/04\/05\/10-anos-do-grupem\/\" target=\"_blank\" rel=\"noreferrer noopener\">anos<\/a><a style=\"color: #f08411\" href=\"https:\/\/site.ifes.edu.br\/grupem\/2021\/04\/05\/10-anos-do-grupem\/\" target=\"_blank\" rel=\"noreferrer noopener\"> do Grupem<\/a><\/span><\/em><\/h2>\n<hr class=\"wp-block-separator is-style-wide\" \/>\n<h2 class=\"has-text-color has-medium-orange-color\" style=\"font-size: 34px\"><span style=\"color: #f08411\"><em><a style=\"color: #f08411\" href=\"https:\/\/site.ifes.edu.br\/grupem\/?p=567&amp;preview=true\">Processo seletivo<\/a><a style=\"color: #f08411\" href=\"https:\/\/site.ifes.edu.br\/grupem\/?p=567&amp;preview=true\"> simplifica<\/a><a style=\"color: #f08411\" href=\"https:\/\/site.ifes.edu.br\/grupem\/?p=567&amp;preview=true\">do<\/a><a style=\"color: #f08411\" href=\"https:\/\/site.ifes.edu.br\/grupem\/?p=567&amp;preview=true\"> de bolsistas de extens\u00e3o 2022<\/a><\/em><\/span><\/h2>\n<hr class=\"wp-block-separator is-style-wide\" \/>\t\t\t\t\t\t\t\t<\/div>\n\t\t\t\t<\/div>\n\t\t\t\t\t<\/div>\n\t\t\t\t<\/div>\n\t\t\t\t<\/div>\n\t\t","protected":false},"excerpt":{"rendered":"<p>Processo seletivo simplificado de bolsistas de extens\u00e3o 2025 Processo seletivo simplificado de bolsistas de extens\u00e3o 2024 10 anos do Grupem Processo seletivo simplificado de bolsistas de extens\u00e3o 2022<\/p>\n","protected":false},"author":5,"featured_media":0,"parent":0,"menu_order":0,"comment_status":"closed","ping_status":"closed","template":"","meta":{"footnotes":""},"class_list":["post-22","page","type-page","status-publish","hentry"],"_links":{"self":[{"href":"https:\/\/site.ifes.edu.br\/grupem\/wp-json\/wp\/v2\/pages\/22"}],"collection":[{"href":"https:\/\/site.ifes.edu.br\/grupem\/wp-json\/wp\/v2\/pages"}],"about":[{"href":"https:\/\/site.ifes.edu.br\/grupem\/wp-json\/wp\/v2\/types\/page"}],"author":[{"embeddable":true,"href":"https:\/\/site.ifes.edu.br\/grupem\/wp-json\/wp\/v2\/users\/5"}],"replies":[{"embeddable":true,"href":"https:\/\/site.ifes.edu.br\/grupem\/wp-json\/wp\/v2\/comments?post=22"}],"version-history":[{"count":12,"href":"https:\/\/site.ifes.edu.br\/grupem\/wp-json\/wp\/v2\/pages\/22\/revisions"}],"predecessor-version":[{"id":1134,"href":"https:\/\/site.ifes.edu.br\/grupem\/wp-json\/wp\/v2\/pages\/22\/revisions\/1134"}],"wp:attachment":[{"href":"https:\/\/site.ifes.edu.br\/grupem\/wp-json\/wp\/v2\/media?parent=22"}],"curies":[{"name":"wp","href":"https:\/\/api.w.org\/{rel}","templated":true}]}}