{"id":115,"date":"2020-10-28T18:20:15","date_gmt":"2020-10-28T21:20:15","guid":{"rendered":"https:\/\/site.ifes.edu.br\/grupem\/?page_id=115"},"modified":"2025-05-01T17:28:41","modified_gmt":"2025-05-01T20:28:41","slug":"trabalhos-de-iniciacao-cientifica","status":"publish","type":"page","link":"https:\/\/site.ifes.edu.br\/grupem\/trabalhos-de-iniciacao-cientifica\/","title":{"rendered":"Trabalhos de Conclus\u00e3o de Curso"},"content":{"rendered":"\r\n<div class=\"wp-block-group\">\r\n<div class=\"wp-block-group__inner-container is-layout-flow wp-block-group-is-layout-flow\">\r\n<ul class=\"wp-block-list\">\r\n<li><a href=\"https:\/\/repositorio.ifes.edu.br\/bitstream\/handle\/123456789\/4440\/TCC_Volume_Capacidade_Jogo_Rela%c3%a7%c3%b5es_Conceituais.pdf?Sequence=1&amp;isallowed=y\"><strong>VOLUME X CAPACIDADE: UMA PROPOSTA DE JOGO PARA DISCUTIR RELA\u00c7\u00d5ES CONCEITUAIS COM PROFESSORES DA EDUCA\u00c7\u00c3O INFANTIL<\/strong><\/a><\/li>\r\n<li><strong>Autor(a):<\/strong> Jessica Meneguelli Dos Santos<\/li>\r\n<li><strong>Ano de defesa:<\/strong> 2023<\/li>\r\n<li><strong>Orientador(a):<\/strong> Dilza C\u00f4co<\/li>\r\n<\/ul>\r\n<hr class=\"wp-block-separator is-style-wide\" \/>\r\n<ul>\r\n<li><a href=\"https:\/\/repositorio.ifes.edu.br\/bitstream\/handle\/123456789\/4922\/tcc_matem%c3%a1tica_literatura_localiza%c3%a7%c3%a3o_educa%c3%a7%c3%a3o_infantil.pdf?sequence=1&amp;isallowed=y\"><strong>MATEM\u00c1TICA E LITERATURA: UMA ABORDAGEM DE LOCALIZA\u00c7\u00c3O POR MEIO DA HIST\u00d3RIA ALICE NO PA\u00cdS DAS MARAVILHAS\u00a0<\/strong><\/a><\/li>\r\n<li><strong>Autor(a):<\/strong> Laisla Pereira Pimentel<\/li>\r\n<li><strong>Ano de defesa:<\/strong> 2023<\/li>\r\n<li><strong>Orientador(a):<\/strong> Dilza C\u00f4co<\/li>\r\n<\/ul>\r\n<hr class=\"wp-block-separator is-style-wide\" \/>\r\n<ul>\r\n<li><a href=\"https:\/\/repositorio.ifes.edu.br\/bitstream\/handle\/123456789\/3670\/09-08-23%20soarescs-%20educac%cc%a7a%cc%83o%20infantil%2c%20pandemia%20e%20cadernos%20dida%cc%81ticos-%20algumas%20reflexo%cc%83es.pdf?sequence=1&amp;isallowed=y\"><strong>EDUCA\u00c7\u00c3O INFANTIL, PANDEMIA E CADERNOS DID\u00c1TICOS: ALGUMAS REFLEX\u00d5ES<\/strong><\/a><\/li>\r\n<li><strong>Autor(a):<\/strong> Caroline da Silva Soares<\/li>\r\n<li><strong>Ano de defesa:<\/strong> 2023<\/li>\r\n<li><strong>Orientador(a):<\/strong> Dilza C\u00f4co<\/li>\r\n<\/ul>\r\n<hr class=\"wp-block-separator is-style-wide\" \/>\r\n<ul>\r\n<li><strong><a href=\"https:\/\/repositorio.ifes.edu.br\/handle\/123456789\/1893\" target=\"_blank\" rel=\"noreferrer noopener\">FORMA\u00c7\u00c3O DOCENTE PELA COLETIVIDADE A PARTIR DE A\u00c7\u00d5ES DO GRUPEM<\/a><\/strong><\/li>\r\n<li><strong><strong>Autor(a):<\/strong> <\/strong>Tayrini Vieira Alves<\/li>\r\n<li><strong><strong>Ano de defesa:<\/strong> <\/strong>2022<\/li>\r\n<li><strong><strong>Orientador(a):<\/strong> <\/strong>Sandra Aparecida Fraga da Silva<\/li>\r\n<\/ul>\r\n<\/div>\r\n<\/div>\r\n\r\n\r\n<hr class=\"wp-block-separator is-style-wide\" \/>\r\n\r\n\r\n<ul class=\"wp-block-list\">\r\n<li><a href=\"https:\/\/repositorio.ifes.edu.br\/handle\/123456789\/2190\"><strong>A FORMA\u00c7\u00c3O INICIAL NO CURSO DE LICENCIATURA EM MATEM\u00c1TICA DO IFES \u2013 CAMPUS VIT\u00d3RIA:<\/strong><\/a> <a href=\"https:\/\/repositorio.ifes.edu.br\/handle\/123456789\/2190\"><strong>UMA AN\u00c1LISE DO PROCESSO FORMATIVO EM DI\u00c1LOGO COM A TEORIA HIST\u00d3RICO-CULTURAL <\/strong><\/a><\/li>\r\n<li><strong><strong>Autor(a):<\/strong> <\/strong>Samuel Souza Vaz<\/li>\r\n<li><strong><strong>Ano de defesa:<\/strong> <\/strong>2022<\/li>\r\n<li><strong><strong>Orientador(a):<\/strong> <\/strong>Alexandre Kr\u00fcger Zocolotti<\/li>\r\n<\/ul>\r\n<hr class=\"wp-block-separator is-style-wide\" \/>\r\n<ul>\r\n<li><strong><a href=\"https:\/\/repositorio.ifes.edu.br\/bitstream\/handle\/123456789\/2560\/TCC_MATERIAL_EDUCATIVO_%c3%81REAS_CLUBE_DE_MATEM%c3%81TICA.pdf?sequence=1&amp;isAllowed=y\">MATERIAL EDUCATIVO SOBRE \u00c1REAS E PER\u00cdMETRO NO \u00c2MBITO DO CLUBE DE MATEM\u00c1TICA E EM OFICINA DE FORMA\u00c7\u00c3O DE PROFESSORES<\/a><\/strong><\/li>\r\n<li><strong>Autor(a):<\/strong> Guilherme Escarpini Helmer<\/li>\r\n<li><strong>Ano de defesa:<\/strong> 2022<\/li>\r\n<li><strong>Orientador(a):<\/strong> Sandra Aparecida Fraga da Silva<\/li>\r\n<\/ul>\r\n<hr class=\"wp-block-separator is-style-wide\" \/>\r\n<ul>\r\n<li><a href=\"https:\/\/repositorio.ifes.edu.br\/bitstream\/handle\/123456789\/3155\/TCC_Material_Educativo_Comprimento_Clube_Matem%c3%a1tica.pdf?sequence=2&amp;isAllowed=y\"><strong>MATERIAL EDUCATIVO SOBRE MEDIDAS DE COMPRIMENTO NO \u00c2MBITO DO CLUBE DE MATEM\u00c1TICA E EM OFICINA DE FORMA\u00c7\u00c3O DE PROFESSORES<\/strong><\/a><\/li>\r\n<li><strong>Autor(a):<\/strong> Rebecca Stein Miranda<\/li>\r\n<li><strong>Ano de defesa:<\/strong> 2022<\/li>\r\n<li><strong>Orientador(a):<\/strong> Sandra Aparecida Fraga da Silva<\/li>\r\n<\/ul>\r\n\r\n\r\n<hr class=\"wp-block-separator is-style-wide\" \/>\r\n\r\n\r\n<ul class=\"wp-block-list\">\r\n<li><strong><a href=\"https:\/\/repositorio.ifes.edu.br\/handle\/123456789\/1200\" target=\"_blank\" rel=\"noreferrer noopener\"> <strong>MOVIMENTO L\u00d3GICO-HIST\u00d3RICO DE GEOMETRIA E TAREFAS DE ENSINO ENVOLVENDO REPRESENTA\u00c7\u00d5ES DE FORMAS GEOM\u00c9TRICAS<\/strong><\/a><\/strong><\/li>\r\n<li><strong><strong>Autor(a):<\/strong> <\/strong>Beatriz da Penha dos Santos<\/li>\r\n<li><strong><strong>Ano de defesa:<\/strong> <\/strong>2021<\/li>\r\n<li><strong><strong>Orientador(a):<\/strong> <\/strong>Sandra Aparecida Fraga da Silva<\/li>\r\n<\/ul>\r\n\r\n\r\n<hr class=\"wp-block-separator is-style-wide\" \/>\r\n\r\n\r\n<ul class=\"wp-block-list\">\r\n<li><strong>CONCEITOS DE \u00c1REA E PER\u00cdMETRO A PARTIR DO MOVIMENTO L\u00d3GICO-HIST\u00d3RICO: UM OLHAR PARA PESQUISAS <\/strong><\/li>\r\n<li><strong>Autor(a):<\/strong> Jo\u00e3o Heleno Nobre de Oliveira<\/li>\r\n<li><strong>Ano de defesa:<\/strong> 2021<\/li>\r\n<li><strong>Orientador(a):<\/strong> Sandra Aparecida Fraga da Silva<\/li>\r\n<\/ul>\r\n\r\n\r\n<hr class=\"wp-block-separator is-style-wide\" \/>\r\n\r\n\r\n<ul class=\"wp-block-list\">\r\n<li><strong><a href=\"https:\/\/repositorio.ifes.edu.br\/handle\/123456789\/1131\" target=\"_blank\" rel=\"noreferrer noopener\">CONCEITO DE LOCALIZA\u00c7\u00c3O NA PERSPECTIVA DA TEORIA-HIST\u00d3RICO-CULTURAL: UMA EXPERI\u00caNCIA EM FORMA\u00c7\u00c3O INICIAL DE PROFESSORES<\/a> <\/strong><\/li>\r\n<li><strong>Autor(a):<\/strong> Kevila Cezario de Morais<\/li>\r\n<li><strong>Ano de defesa:<\/strong> 2020<\/li>\r\n<li><strong>Orientador(a): <\/strong>Sandra Aparecida Fraga da Silva<\/li>\r\n<\/ul>\r\n\r\n\r\n<hr class=\"wp-block-separator is-style-wide\" \/>\r\n\r\n\r\n<ul class=\"wp-block-list\">\r\n<li><strong><a href=\"https:\/\/repositorio.ifes.edu.br\/handle\/123456789\/1492\">MATEM\u00c1TICA NA EDUCA\u00c7\u00c3O INFANTIL: UMA PROPOSTA DID\u00c1TICA SOBRE N\u00daMEROS<\/a><\/strong><\/li>\r\n<li><strong>Autor(a):<\/strong> Katherine Santos<\/li>\r\n<li><strong>Ano de defesa:<\/strong> 2020<\/li>\r\n<li><strong>Orientador(a): <\/strong>Dilza C\u00f4co<\/li>\r\n<\/ul>\r\n\r\n\r\n<hr class=\"wp-block-separator is-style-wide\" \/>\r\n\r\n\r\n<ul class=\"wp-block-list\">\r\n<li><strong><a href=\"http:\/\/biblioteca.ifes.edu.br:8080\/pergamumweb\/vinculos\/00001a\/00001ac9.pdf\" target=\"_blank\" rel=\"noreferrer noopener\">ALGARISMOS EM MOVIMENTO: UM ESTUDO DIAL\u00c9TICO, L\u00d3GICO E HIST\u00d3RICO DE SIGNO NUM\u00c9RICO<\/a> <\/strong><\/li>\r\n<li><strong>Autor(a):<\/strong> Gilberto de Mello Guerra Junior<\/li>\r\n<li><strong>Ano de defesa:<\/strong> 2019<\/li>\r\n<li><strong>Orientador(a):<\/strong> Sandra Aparecida Fraga da Silva<\/li>\r\n<\/ul>\r\n","protected":false},"excerpt":{"rendered":"<p>VOLUME X CAPACIDADE: UMA PROPOSTA DE JOGO PARA DISCUTIR RELA\u00c7\u00d5ES CONCEITUAIS COM PROFESSORES DA EDUCA\u00c7\u00c3O INFANTIL Autor(a): Jessica Meneguelli Dos Santos Ano de defesa: 2023 Orientador(a): Dilza C\u00f4co MATEM\u00c1TICA E LITERATURA: UMA ABORDAGEM DE LOCALIZA\u00c7\u00c3O POR MEIO DA HIST\u00d3RIA ALICE NO PA\u00cdS DAS MARAVILHAS\u00a0 Autor(a): Laisla Pereira Pimentel Ano de defesa: 2023 Orientador(a): Dilza C\u00f4co &hellip; <a href=\"https:\/\/site.ifes.edu.br\/grupem\/trabalhos-de-iniciacao-cientifica\/\" class=\"more-link\">Continue lendo <span class=\"screen-reader-text\">Trabalhos de Conclus\u00e3o de Curso<\/span> <span class=\"meta-nav\">&rarr;<\/span><\/a><\/p>\n","protected":false},"author":5,"featured_media":0,"parent":0,"menu_order":0,"comment_status":"closed","ping_status":"closed","template":"","meta":{"footnotes":""},"class_list":["post-115","page","type-page","status-publish","hentry"],"_links":{"self":[{"href":"https:\/\/site.ifes.edu.br\/grupem\/wp-json\/wp\/v2\/pages\/115"}],"collection":[{"href":"https:\/\/site.ifes.edu.br\/grupem\/wp-json\/wp\/v2\/pages"}],"about":[{"href":"https:\/\/site.ifes.edu.br\/grupem\/wp-json\/wp\/v2\/types\/page"}],"author":[{"embeddable":true,"href":"https:\/\/site.ifes.edu.br\/grupem\/wp-json\/wp\/v2\/users\/5"}],"replies":[{"embeddable":true,"href":"https:\/\/site.ifes.edu.br\/grupem\/wp-json\/wp\/v2\/comments?post=115"}],"version-history":[{"count":30,"href":"https:\/\/site.ifes.edu.br\/grupem\/wp-json\/wp\/v2\/pages\/115\/revisions"}],"predecessor-version":[{"id":865,"href":"https:\/\/site.ifes.edu.br\/grupem\/wp-json\/wp\/v2\/pages\/115\/revisions\/865"}],"wp:attachment":[{"href":"https:\/\/site.ifes.edu.br\/grupem\/wp-json\/wp\/v2\/media?parent=115"}],"curies":[{"name":"wp","href":"https:\/\/api.w.org\/{rel}","templated":true}]}}